{"id":845,"date":"2019-11-19T10:41:56","date_gmt":"2019-11-19T09:41:56","guid":{"rendered":"http:\/\/poloscientifico.univr.it\/?page_id=845"},"modified":"2019-11-19T11:15:05","modified_gmt":"2019-11-19T10:15:05","slug":"a21digital-tyrol-veneto","status":"publish","type":"page","link":"https:\/\/poloscientifico.univr.it\/index.php\/a21digital-tyrol-veneto\/","title":{"rendered":"A21DIGITAL TYROL VENETO"},"content":{"rendered":"<p><img decoding=\"async\" class=\"alignnone size-medium wp-image-846\" src=\"http:\/\/poloscientifico.univr.it\/wp-content\/uploads\/Interreg_Italia-O\u00a6\u00easterreich-2017_4c-300x94.png\" alt=\"\" width=\"300\" height=\"94\" srcset=\"https:\/\/poloscientifico.univr.it\/wp-content\/uploads\/Interreg_Italia-O\u00a6\u00easterreich-2017_4c-300x94.png 300w, https:\/\/poloscientifico.univr.it\/wp-content\/uploads\/Interreg_Italia-O\u00a6\u00easterreich-2017_4c-1024x319.png 1024w, https:\/\/poloscientifico.univr.it\/wp-content\/uploads\/Interreg_Italia-O\u00a6\u00easterreich-2017_4c-768x239.png 768w, https:\/\/poloscientifico.univr.it\/wp-content\/uploads\/Interreg_Italia-O\u00a6\u00easterreich-2017_4c-1536x479.png 1536w, https:\/\/poloscientifico.univr.it\/wp-content\/uploads\/Interreg_Italia-O\u00a6\u00easterreich-2017_4c-2048x639.png 2048w\" sizes=\"(max-width: 300px) 100vw, 300px\" \/><\/p>\n<p><strong>Acronimo:\u00a0A21<\/strong><\/p>\n<p><strong>Titolo:<\/strong>\u00a0A21DIGITAL TYROL VENETO<\/p>\n<p><strong>Bando: <\/strong>INTERREG V-A Italia-Austria \u2013 Bando 2017<\/p>\n<p><strong>Durata:<\/strong>\u00a001\/07\/2017 &#8211; 31\/12\/2019 (30 mesi)<\/p>\n<p><strong>Coordinatore:\u00a0<\/strong>LP \u2013 A21DIGITAL<\/p>\n<p><strong>Budget totale:<\/strong>\u00a0\u20ac\u00a0 300.938,25<\/p>\n<p><strong>Budget UNIVR &#8211; Polo scientifico didattico \u201cStudi sull\u2019Impresa\u201d:<\/strong>\u00a0\u20ac\u00a0 100.938,25<\/p>\n<p><strong>Responsabile scientifico:<\/strong>\u00a0Federico Brunetti<\/p>\n<p><strong>Team:<\/strong>\u00a0Angelo Bonfanti<\/p>\n<p style=\"text-align: left;\"><strong>Riassunto:<\/strong> A21DIGITAL TYROL VENETO \u00e8 uno studio transnazionale delle universit\u00e0 di Bolzano e di Verona (che opera attraverso il Polo Scientifico Didattico Studi sull&#8217;Impresa di Vicenza), in collaborazione con la rete per la digitalizzazione A21DIGITAL. Questo studio ha come obiettivo l&#8217;individuazione di STRATEGIA RILEVANTI PER IL FUTURO e PROPOSTE D&#8217;AZIONE CONCRETE circa le opportunit\u00e0 e le sfide legate alla digitalizzazione, per i soggetti e gli organi decisionali nelle regioni del Tirolo, Alto Adige e Veneto. Il futuro di queste regioni in cui viviamo, infatti, verr\u00e0 condizionato anche dalla nostra capacit\u00e0 di vedere questa rivoluzione digitale non solo come una sfida, ma anche, e soprattutto, come un&#8217;opportunit\u00e0. Sulla base di interviste a esperti di rilievo nel campo della digitalizzazione, operanti sia a livello regionale che internazionale, si intendono sviluppare strategie per il futuro e proposte d&#8217;azione concrete per gli organi decisionali politici e istituzionali della regione. Inoltre, questo studio ha anche e soprattutto l&#8217;obiettivo di migliorare le capacit\u00e0 istituzionali dell&#8217;amministrazione pubblica nella macroregione sopracitata, e di rafforzare l&#8217;interazione tra cittadini e istituzioni. Tra i numerosi temi affrontati, lo studio tratter\u00e0 anche temi come l&#8217;istruzione (per es. l&#8217;introduzione di un programma educativo digitale transfrontaliero), lo scambio a livello transnazionale su temi legati all&#8217;egovernment o le possibilit\u00e0 innovative di partecipazione per i giovani..<\/p>\n<p><strong>Sito Web:<\/strong>\u00a0<u><a href=\"https:\/\/www.a21digital.com\/\">https:\/\/www.a21digital.com\/<\/a> <\/u><\/p>\n<p>&nbsp;<\/p>\n","protected":false},"excerpt":{"rendered":"<p>Acronimo:\u00a0A21 Titolo:\u00a0A21DIGITAL TYROL VENETO Bando: INTERREG V-A Italia-Austria \u2013 Bando 2017 Durata:\u00a001\/07\/2017 &#8211; 31\/12\/2019 (30 mesi) Coordinatore:\u00a0LP \u2013 A21DIGITAL Budget totale:\u00a0\u20ac\u00a0 300.938,25 Budget UNIVR &#8211; Polo scientifico didattico \u201cStudi sull\u2019Impresa\u201d:\u00a0\u20ac\u00a0 100.938,25 Responsabile scientifico:\u00a0Federico Brunetti Team:\u00a0Angelo Bonfanti Riassunto: A21DIGITAL TYROL VENETO \u00e8 uno studio transnazionale delle universit\u00e0 di Bolzano e di Verona (che opera attraverso il &hellip; <a href=\"https:\/\/poloscientifico.univr.it\/index.php\/a21digital-tyrol-veneto\/\" class=\"more-link\">Continua la lettura di <span class=\"screen-reader-text\">A21DIGITAL TYROL VENETO<\/span> <span class=\"meta-nav\">&rarr;<\/span><\/a><\/p>\n","protected":false},"author":2,"featured_media":0,"parent":0,"menu_order":0,"comment_status":"closed","ping_status":"closed","template":"","meta":{"footnotes":""},"class_list":["post-845","page","type-page","status-publish","hentry"],"_links":{"self":[{"href":"https:\/\/poloscientifico.univr.it\/index.php\/wp-json\/wp\/v2\/pages\/845","targetHints":{"allow":["GET"]}}],"collection":[{"href":"https:\/\/poloscientifico.univr.it\/index.php\/wp-json\/wp\/v2\/pages"}],"about":[{"href":"https:\/\/poloscientifico.univr.it\/index.php\/wp-json\/wp\/v2\/types\/page"}],"author":[{"embeddable":true,"href":"https:\/\/poloscientifico.univr.it\/index.php\/wp-json\/wp\/v2\/users\/2"}],"replies":[{"embeddable":true,"href":"https:\/\/poloscientifico.univr.it\/index.php\/wp-json\/wp\/v2\/comments?post=845"}],"version-history":[{"count":3,"href":"https:\/\/poloscientifico.univr.it\/index.php\/wp-json\/wp\/v2\/pages\/845\/revisions"}],"predecessor-version":[{"id":854,"href":"https:\/\/poloscientifico.univr.it\/index.php\/wp-json\/wp\/v2\/pages\/845\/revisions\/854"}],"wp:attachment":[{"href":"https:\/\/poloscientifico.univr.it\/index.php\/wp-json\/wp\/v2\/media?parent=845"}],"curies":[{"name":"wp","href":"https:\/\/api.w.org\/{rel}","templated":true}]}}